{"id":2145,"date":"2023-10-23T11:47:37","date_gmt":"2023-10-23T09:47:37","guid":{"rendered":"https:\/\/www.sumbicycles.com\/green-mobility\/"},"modified":"2024-03-15T18:02:15","modified_gmt":"2024-03-15T17:02:15","slug":"green-mobility","status":"publish","type":"page","link":"https:\/\/www.sumbicycles.com\/fr\/green-mobility\/","title":{"rendered":"Green Mobility"},"content":{"rendered":"<p>\u00c0 une \u00e9poque o\u00f9 les d\u00e9fis environnementaux et urbains exigent des solutions innovantes, les v\u00e9los urbains et v\u00e9los cargo de SUM Solutions sont \u00e0 la pointe d&rsquo;une r\u00e9volution dans le domaine de la mobilit\u00e9 urbaine durable.<\/p>\n<p>La Mobilit\u00e9 Verte, se r\u00e9f\u00e9rant au monde de la mobilit\u00e9 urbaine, est la pierre angulaire de notre mission. Nous nous engageons \u00e0 r\u00e9duire l&rsquo;impact environnemental et \u00e0 am\u00e9liorer la qualit\u00e9 de vie urbaine gr\u00e2ce \u00e0 des solutions de mobilit\u00e9 innovantes. Nos v\u00e9los urbains repr\u00e9sentent une \u00e9tape significative dans cette direction. Con\u00e7us pour s&rsquo;adapter aux exigences de la vie citadine, ils offrent un moyen de transport propre, pratique et agr\u00e9able. Gr\u00e2ce \u00e0 leur design moderne et fonctionnel, ces bicyclettes deviennent le moyen id\u00e9al pour explorer la ville, r\u00e9duisant la pollution et contribuant \u00e0 all\u00e9ger la congestion routi\u00e8re.<\/p>\n<p>Les v\u00e9los cargo de SUM Solutions repr\u00e9sentent un autre pilier fondamental dans notre vision de la mobilit\u00e9 urbaine durable. Ils r\u00e9volutionnent les d\u00e9placements des familles et des entreprises en ville, permettant aux entreprises de r\u00e9aliser des livraisons efficaces et respectueuses de l&rsquo;environnement. Avec leur agilit\u00e9, ces v\u00e9los cargo surmontent les d\u00e9fis de la circulation urbaine, r\u00e9duisant l&rsquo;impact environnemental des livraisons et am\u00e9liorant la qualit\u00e9 de l&rsquo;air.<\/p>\n<p>Pour SUM Solutions, la Mobilit\u00e9 Verte n&rsquo;est pas seulement une tendance mais une n\u00e9cessit\u00e9. Notre mission est de conduire le changement en offrant des solutions de mobilit\u00e9 durable qui rendent les villes de meilleurs endroits o\u00f9 vivre et travailler. Nous nous engageons \u00e0 promouvoir un mode de vie plus sain, \u00e0 r\u00e9duire la pollution et \u00e0 am\u00e9liorer la qualit\u00e9 de l&rsquo;air en ville.<\/p>\n","protected":false},"excerpt":{"rendered":"<p>\u00c0 une \u00e9poque o\u00f9 les d\u00e9fis environnementaux et urbains exigent des solutions innovantes, les v\u00e9los urbains et v\u00e9los cargo de SUM Solutions sont \u00e0 la pointe d&rsquo;une r\u00e9volution dans le domaine de la mobilit\u00e9 urbaine durable. La Mobilit\u00e9 Verte, se r\u00e9f\u00e9rant au monde de la mobilit\u00e9 urbaine, est la pierre angulaire de notre mission. Nous [&hellip;]<\/p>\n","protected":false},"author":1,"featured_media":1517,"parent":0,"menu_order":0,"comment_status":"closed","ping_status":"closed","template":"templates\/template-greenlogistics.php","meta":{"_acf_changed":false,"footnotes":""},"class_list":["post-2145","page","type-page","status-publish","has-post-thumbnail","hentry"],"acf":[],"_links":{"self":[{"href":"https:\/\/www.sumbicycles.com\/fr\/wp-json\/wp\/v2\/pages\/2145","targetHints":{"allow":["GET"]}}],"collection":[{"href":"https:\/\/www.sumbicycles.com\/fr\/wp-json\/wp\/v2\/pages"}],"about":[{"href":"https:\/\/www.sumbicycles.com\/fr\/wp-json\/wp\/v2\/types\/page"}],"author":[{"embeddable":true,"href":"https:\/\/www.sumbicycles.com\/fr\/wp-json\/wp\/v2\/users\/1"}],"replies":[{"embeddable":true,"href":"https:\/\/www.sumbicycles.com\/fr\/wp-json\/wp\/v2\/comments?post=2145"}],"version-history":[{"count":0,"href":"https:\/\/www.sumbicycles.com\/fr\/wp-json\/wp\/v2\/pages\/2145\/revisions"}],"wp:featuredmedia":[{"embeddable":true,"href":"https:\/\/www.sumbicycles.com\/fr\/wp-json\/wp\/v2\/media\/1517"}],"wp:attachment":[{"href":"https:\/\/www.sumbicycles.com\/fr\/wp-json\/wp\/v2\/media?parent=2145"}],"curies":[{"name":"wp","href":"https:\/\/api.w.org\/{rel}","templated":true}]}}